{"id":2872,"date":"2024-03-21T10:22:48","date_gmt":"2024-03-21T10:22:48","guid":{"rendered":"http:\/\/langdpt.cas.cz.uvirt134.active24.cz\/?post_type=akademicke-psani&#038;p=2872"},"modified":"2024-05-17T14:42:31","modified_gmt":"2024-05-17T14:42:31","slug":"writing-for-publication-session-1-2","status":"publish","type":"akademicke-psani","link":"https:\/\/langdpt.cas.cz\/en\/centrum-akademickeho-psani\/writing-for-publication-session-1-2\/","title":{"rendered":"Writing for Publication 1"},"content":{"rendered":"\n<p>Tento kurz v\u00e1s provede cel\u00fdm procesem psan\u00ed odborn\u00e9ho \u010dl\u00e1nku v angli\u010dtin\u011b a uk\u00e1\u017ee v\u00e1m, \u017ee tajemstv\u00ed \u00fasp\u011bchu spo\u010d\u00edv\u00e1 v p\u0159episov\u00e1n\u00ed, revidov\u00e1n\u00ed a sd\u00edlen\u00ed va\u0161ich text\u016f s kolegy. Budete hodn\u011b \u010d\u00edst a ps\u00e1t, ale nebudete v tom sami. Kurz spo\u010d\u00edv\u00e1 v \u00fazk\u00e9 spolupr\u00e1ci s lektorem, kter\u00fd v\u00e1s povede a bude v\u00e1m d\u00e1vat pr\u016fb\u011b\u017enou zp\u011btnou vazbu.<\/p>\n\n\n\n<p><strong>Writing for Publication 1:<\/strong> vyb\u00edr\u00e1te si odborn\u00fd \u010dasopis, ve kter\u00e9m chcete publikovat; tvo\u0159\u00edte si korpus vzorov\u00fdch \u010dl\u00e1nk\u016f, kter\u00e9 se u\u010d\u00edte rozeb\u00edrat, abyste si vytr\u00e9novali cit pro konvence psan\u00ed ve va\u0161em oboru; pod na\u0161\u00edm veden\u00edm postupn\u011b p\u00ed\u0161ete a p\u0159episujete st\u011b\u017eejn\u00ed pas\u00e1\u017ee va\u0161eho \u010dl\u00e1nku (metody, v\u00fdsledky, abstrakt); a tr\u00e9nujete si kritick\u00e9 \u010dten\u00ed text\u016f druh\u00fdch, abyste l\u00e9pe um\u011bli identifikovat a opravovat chyby ve sv\u00fdch vlastn\u00edch textech.<\/p>\n\n\n\n<p><\/p>\n\n\n\n<p><strong>Aktu\u00e1ln\u00ed data kurz\u016f:&nbsp;<\/strong>30. 9. 2024 \u2014 24. 1. 2025<\/p>\n\n\n\n<p>Kurz kombinuje samostatnou pr\u00e1ci v prost\u0159ed\u00ed&nbsp;<strong>e-learningov\u00e9 platformy Moodle<\/strong>&nbsp;s n\u011bkolika&nbsp;<strong>setk\u00e1n\u00edmi p\u0159es Zoom<\/strong>. Data t\u011bchto setk\u00e1n\u00ed si s v\u00e1mi domluv\u00edme na za\u010d\u00e1tku kurzu.<\/p>\n\n\n\n<p><strong>Co se v kurzu d\u011bje<\/strong>:<\/p>\n\n\n\n<ul class=\"wp-block-list\">\n<li>p\u00ed\u0161ete&nbsp;<strong>o sv\u00e9m v\u00fdzkumu<\/strong><\/li>\n\n\n\n<li>u\u010d\u00edte se analyzovat a kriticky hodnotit texty druh\u00fdch i sv\u00e9 vlastn\u00ed texty<\/li>\n\n\n\n<li>p\u00ed\u0161ete texty, kter\u00e9 pot\u0159ebujete v re\u00e1ln\u00e9m \u017eivot\u011b akademika (konkr\u00e9tn\u011b nap\u0159. abstrakt, \u00favod k odborn\u00e9mu \u010dl\u00e1nku a diskuzi\/z\u00e1v\u011br)<\/li>\n\n\n\n<li>na v\u0161e&nbsp;<strong>dost\u00e1v\u00e1te hloubkovou zp\u011btnou vazbu<\/strong>&nbsp;bu\u010f p\u00edsemn\u011b (koment\u00e1\u0159e a opravy), p\u0159\u00edp. jako audio-video, a tak\u00e9 osobn\u011b (setk\u00e1n\u00ed s instruktorem)<\/li>\n\n\n\n<li>na z\u00e1klad\u011b zp\u011btn\u00e9 vazby texty p\u0159episujete a dost\u00e1v\u00e1te dal\u0161\u00ed zp\u011btnou vazbu<\/li>\n<\/ul>\n\n\n\n<p>Psan\u00ed pova\u017eujeme za prost\u0159edek komunikace a kritick\u00e9ho my\u0161len\u00ed a z&nbsp;tohoto pohledu v\u00e1m d\u00e1v\u00e1me i zp\u011btnou vazbu. Zam\u011b\u0159ujeme se prim\u00e1rn\u011b na smysl a soudr\u017enost textu, nikoli na jazyk a jazykov\u00e9 struktury. V tomto ohledu se n\u00e1\u0161 kurz li\u0161\u00ed od mnoha tradi\u010dn\u00edch kurz\u016f psan\u00ed a sv\u00fdm p\u0159\u00edstupem je v \u010cesk\u00e9 republice st\u00e1le sp\u00ed\u0161e v\u00fdjime\u010dn\u00fd.<\/p>\n\n\n\n<p><\/p>\n\n\n\n<h3 class=\"wp-block-heading\">Pro koho je kurz ur\u010den?<\/h3>\n\n\n\n<p>Pro doktorandy, v\u00fdzkumn\u00edky, ale i studenty magistersk\u00e9ho \u010di bakal\u00e1\u0159sk\u00e9ho studia na V\u0160 s&nbsp;pokro\u010dilou angli\u010dtinou (<strong>\u00farove\u0148 B2\u2014C2<\/strong>) a vlastn\u00edm v\u00fdzkumn\u00fdm projektem. Kurzy odborn\u00e9ho psan\u00ed se odehr\u00e1vaj\u00ed v\u00fdhradn\u011b v anglick\u00e9m jazyce a jsou online, tak\u017ee jsou vhodn\u00e9 i pro studenty \u017eij\u00edc\u00ed mimo \u010ceskou republiku (setk\u00e1n\u00ed s instruktorem prob\u00edhaj\u00ed p\u0159es Zoom).<\/p>\n\n\n\n<p><\/p>\n\n\n\n<h3 class=\"wp-block-heading\">Kolik \u010dasu si kurz vy\u017eaduje? <\/h3>\n\n\n\n<p>Kurz trv\u00e1 15 t\u00fddn\u016f. Na studium a pln\u011bn\u00ed \u00fakol\u016f budete pot\u0159ebovat zhruba 2\u20144 hodiny t\u00fddn\u011b. Term\u00edny odevzd\u00e1v\u00e1n\u00ed \u00fakol\u016f jsou pevn\u011b dan\u00e9 (v\u011bt\u0161inou 2x t\u00fddn\u011b), ale je na v\u00e1s, kdy si na \u00fakoly najdete \u010das a kdy je odevzd\u00e1te.<\/p>\n\n\n\n<p><\/p>\n\n\n\n<h3 class=\"wp-block-heading\">Kolik to stoj\u00ed?<\/h3>\n\n\n\n<p><strong>7200,- K\u010d pro ve\u0159ejnost<\/strong>. \u00dastavy zam\u011bstnanc\u016f AV \u010cR plat\u00ed pouze pau\u0161\u00e1ln\u00ed smluvn\u00ed poplatek ve v\u00fd\u0161i 500,- K\u010d.<\/p>\n\n\n\n<p><\/p>\n\n\n\n<h3 class=\"wp-block-heading\">Term\u00edny<\/h3>\n\n\n\n<p>V ka\u017ed\u00e9m semestru zpravidla otev\u00edr\u00e1me kurzy Writing for Publication 1 a Writing for Publication 2.<br>Kurzy v<strong>&nbsp;podzimn\u00edm&nbsp;<\/strong>semestru za\u010d\u00ednaj\u00ed v&nbsp;<strong>\u0159\u00edjnu,&nbsp;<\/strong>v jarn\u00edm semestru v&nbsp;<strong>\u00fanoru<\/strong>.<\/p>\n\n\n\n<p><\/p>\n\n\n\n<h3 class=\"wp-block-heading\">Instrukto\u0159i<\/h3>\n\n\n\n<ul class=\"wp-block-list\">\n<li>Mgr. Kamila Etchegoyen Rosolov\u00e1, Ph.D.<\/li>\n\n\n\n<li>D\u00e1\u0161a Fran\u010d\u00edkov\u00e1, Ph.D.<\/li>\n\n\n\n<li>Mgr. et Mgr. Martin Sedl\u00e1\u010dek<\/li>\n<\/ul>\n\n\n\n<p><\/p>\n\n\n\n<h3 class=\"wp-block-heading\">P\u0159ihl\u00e1\u0161ka<\/h3>\n\n\n\n<p>P\u0159ihla\u0161ov\u00e1n\u00ed <a href=\"http:\/\/langdpt.cas.cz.uvirt134.active24.cz\/jazykove-kurzy\/?zamereni=kurzy-pro-akademiky-a-doktorandy\">zde<\/a><\/p>\n","protected":false},"featured_media":0,"template":"","class_list":["post-2872","akademicke-psani","type-akademicke-psani","status-publish","hentry"],"acf":[],"yoast_head":"<!-- This site is optimized with the Yoast SEO plugin v22.8 - https:\/\/yoast.com\/wordpress\/plugins\/seo\/ -->\n<title>Writing for Publication 1 - Department of Language Studies<\/title>\n<meta name=\"robots\" content=\"index, follow, max-snippet:-1, max-image-preview:large, max-video-preview:-1\" \/>\n<link rel=\"canonical\" href=\"https:\/\/langdpt.cas.cz\/centrum-akademickeho-psani\/writing-for-publication-session-1-2\/\" \/>\n<meta property=\"og:locale\" content=\"en_US\" \/>\n<meta property=\"og:type\" content=\"article\" \/>\n<meta property=\"og:title\" content=\"Writing for Publication 1 - Department of Language Studies\" \/>\n<meta property=\"og:description\" content=\"Tento kurz v\u00e1s provede cel\u00fdm procesem psan\u00ed odborn\u00e9ho \u010dl\u00e1nku v angli\u010dtin\u011b a uk\u00e1\u017ee v\u00e1m, \u017ee tajemstv\u00ed \u00fasp\u011bchu spo\u010d\u00edv\u00e1 v p\u0159episov\u00e1n\u00ed, revidov\u00e1n\u00ed a sd\u00edlen\u00ed va\u0161ich text\u016f s kolegy. Budete hodn\u011b \u010d\u00edst a ps\u00e1t, ale nebudete v tom sami. Kurz spo\u010d\u00edv\u00e1 v \u00fazk\u00e9 spolupr\u00e1ci s lektorem, kter\u00fd v\u00e1s povede a bude v\u00e1m d\u00e1vat pr\u016fb\u011b\u017enou zp\u011btnou vazbu. Writing [&hellip;]\" \/>\n<meta property=\"og:url\" content=\"https:\/\/langdpt.cas.cz\/centrum-akademickeho-psani\/writing-for-publication-session-1-2\/\" \/>\n<meta property=\"og:site_name\" content=\"Department of Language Studies\" \/>\n<meta property=\"article:modified_time\" content=\"2024-05-17T14:42:31+00:00\" \/>\n<meta name=\"twitter:card\" content=\"summary_large_image\" \/>\n<meta name=\"twitter:label1\" content=\"Est. reading time\" \/>\n\t<meta name=\"twitter:data1\" content=\"3 minutes\" \/>\n<script type=\"application\/ld+json\" class=\"yoast-schema-graph\">{\"@context\":\"https:\/\/schema.org\",\"@graph\":[{\"@type\":\"WebPage\",\"@id\":\"https:\/\/langdpt.cas.cz\/centrum-akademickeho-psani\/writing-for-publication-session-1-2\/\",\"url\":\"https:\/\/langdpt.cas.cz\/centrum-akademickeho-psani\/writing-for-publication-session-1-2\/\",\"name\":\"Writing for Publication 1 - Department of Language Studies\",\"isPartOf\":{\"@id\":\"https:\/\/langdpt.cas.cz\/#website\"},\"datePublished\":\"2024-03-21T10:22:48+00:00\",\"dateModified\":\"2024-05-17T14:42:31+00:00\",\"breadcrumb\":{\"@id\":\"https:\/\/langdpt.cas.cz\/centrum-akademickeho-psani\/writing-for-publication-session-1-2\/#breadcrumb\"},\"inLanguage\":\"en-US\",\"potentialAction\":[{\"@type\":\"ReadAction\",\"target\":[\"https:\/\/langdpt.cas.cz\/centrum-akademickeho-psani\/writing-for-publication-session-1-2\/\"]}]},{\"@type\":\"BreadcrumbList\",\"@id\":\"https:\/\/langdpt.cas.cz\/centrum-akademickeho-psani\/writing-for-publication-session-1-2\/#breadcrumb\",\"itemListElement\":[{\"@type\":\"ListItem\",\"position\":1,\"name\":\"Home\",\"item\":\"https:\/\/langdpt.cas.cz\/\"},{\"@type\":\"ListItem\",\"position\":2,\"name\":\"Akademick\u00e9 psan\u00ed\",\"item\":\"https:\/\/langdpt.cas.cz\/en\/archiv\/centrum-akademickeho-psani\/\"},{\"@type\":\"ListItem\",\"position\":3,\"name\":\"Writing for Publication 1\"}]},{\"@type\":\"WebSite\",\"@id\":\"https:\/\/langdpt.cas.cz\/#website\",\"url\":\"https:\/\/langdpt.cas.cz\/\",\"name\":\"Department of Language Studies\",\"description\":\"\",\"publisher\":{\"@id\":\"https:\/\/langdpt.cas.cz\/#organization\"},\"potentialAction\":[{\"@type\":\"SearchAction\",\"target\":{\"@type\":\"EntryPoint\",\"urlTemplate\":\"https:\/\/langdpt.cas.cz\/?s={search_term_string}\"},\"query-input\":\"required name=search_term_string\"}],\"inLanguage\":\"en-US\"},{\"@type\":\"Organization\",\"@id\":\"https:\/\/langdpt.cas.cz\/#organization\",\"name\":\"Department of Language Studies\",\"url\":\"https:\/\/langdpt.cas.cz\/\",\"logo\":{\"@type\":\"ImageObject\",\"inLanguage\":\"en-US\",\"@id\":\"https:\/\/langdpt.cas.cz\/#\/schema\/logo\/image\/\",\"url\":\"https:\/\/langdpt.cas.cz\/wp-content\/uploads\/2023\/04\/ksj-logo.svg\",\"contentUrl\":\"https:\/\/langdpt.cas.cz\/wp-content\/uploads\/2023\/04\/ksj-logo.svg\",\"width\":55,\"height\":63,\"caption\":\"Department of Language Studies\"},\"image\":{\"@id\":\"https:\/\/langdpt.cas.cz\/#\/schema\/logo\/image\/\"}}]}<\/script>\n<!-- \/ Yoast SEO plugin. -->","yoast_head_json":{"title":"Writing for Publication 1 - Department of Language Studies","robots":{"index":"index","follow":"follow","max-snippet":"max-snippet:-1","max-image-preview":"max-image-preview:large","max-video-preview":"max-video-preview:-1"},"canonical":"https:\/\/langdpt.cas.cz\/centrum-akademickeho-psani\/writing-for-publication-session-1-2\/","og_locale":"en_US","og_type":"article","og_title":"Writing for Publication 1 - Department of Language Studies","og_description":"Tento kurz v\u00e1s provede cel\u00fdm procesem psan\u00ed odborn\u00e9ho \u010dl\u00e1nku v angli\u010dtin\u011b a uk\u00e1\u017ee v\u00e1m, \u017ee tajemstv\u00ed \u00fasp\u011bchu spo\u010d\u00edv\u00e1 v p\u0159episov\u00e1n\u00ed, revidov\u00e1n\u00ed a sd\u00edlen\u00ed va\u0161ich text\u016f s kolegy. Budete hodn\u011b \u010d\u00edst a ps\u00e1t, ale nebudete v tom sami. Kurz spo\u010d\u00edv\u00e1 v \u00fazk\u00e9 spolupr\u00e1ci s lektorem, kter\u00fd v\u00e1s povede a bude v\u00e1m d\u00e1vat pr\u016fb\u011b\u017enou zp\u011btnou vazbu. Writing [&hellip;]","og_url":"https:\/\/langdpt.cas.cz\/centrum-akademickeho-psani\/writing-for-publication-session-1-2\/","og_site_name":"Department of Language Studies","article_modified_time":"2024-05-17T14:42:31+00:00","twitter_card":"summary_large_image","twitter_misc":{"Est. reading time":"3 minutes"},"schema":{"@context":"https:\/\/schema.org","@graph":[{"@type":"WebPage","@id":"https:\/\/langdpt.cas.cz\/centrum-akademickeho-psani\/writing-for-publication-session-1-2\/","url":"https:\/\/langdpt.cas.cz\/centrum-akademickeho-psani\/writing-for-publication-session-1-2\/","name":"Writing for Publication 1 - Department of Language Studies","isPartOf":{"@id":"https:\/\/langdpt.cas.cz\/#website"},"datePublished":"2024-03-21T10:22:48+00:00","dateModified":"2024-05-17T14:42:31+00:00","breadcrumb":{"@id":"https:\/\/langdpt.cas.cz\/centrum-akademickeho-psani\/writing-for-publication-session-1-2\/#breadcrumb"},"inLanguage":"en-US","potentialAction":[{"@type":"ReadAction","target":["https:\/\/langdpt.cas.cz\/centrum-akademickeho-psani\/writing-for-publication-session-1-2\/"]}]},{"@type":"BreadcrumbList","@id":"https:\/\/langdpt.cas.cz\/centrum-akademickeho-psani\/writing-for-publication-session-1-2\/#breadcrumb","itemListElement":[{"@type":"ListItem","position":1,"name":"Home","item":"https:\/\/langdpt.cas.cz\/"},{"@type":"ListItem","position":2,"name":"Akademick\u00e9 psan\u00ed","item":"https:\/\/langdpt.cas.cz\/en\/archiv\/centrum-akademickeho-psani\/"},{"@type":"ListItem","position":3,"name":"Writing for Publication 1"}]},{"@type":"WebSite","@id":"https:\/\/langdpt.cas.cz\/#website","url":"https:\/\/langdpt.cas.cz\/","name":"Department of Language Studies","description":"","publisher":{"@id":"https:\/\/langdpt.cas.cz\/#organization"},"potentialAction":[{"@type":"SearchAction","target":{"@type":"EntryPoint","urlTemplate":"https:\/\/langdpt.cas.cz\/?s={search_term_string}"},"query-input":"required name=search_term_string"}],"inLanguage":"en-US"},{"@type":"Organization","@id":"https:\/\/langdpt.cas.cz\/#organization","name":"Department of Language Studies","url":"https:\/\/langdpt.cas.cz\/","logo":{"@type":"ImageObject","inLanguage":"en-US","@id":"https:\/\/langdpt.cas.cz\/#\/schema\/logo\/image\/","url":"https:\/\/langdpt.cas.cz\/wp-content\/uploads\/2023\/04\/ksj-logo.svg","contentUrl":"https:\/\/langdpt.cas.cz\/wp-content\/uploads\/2023\/04\/ksj-logo.svg","width":55,"height":63,"caption":"Department of Language Studies"},"image":{"@id":"https:\/\/langdpt.cas.cz\/#\/schema\/logo\/image\/"}}]}},"_links":{"self":[{"href":"https:\/\/langdpt.cas.cz\/en\/wp-json\/wp\/v2\/akademicke-psani\/2872","targetHints":{"allow":["GET"]}}],"collection":[{"href":"https:\/\/langdpt.cas.cz\/en\/wp-json\/wp\/v2\/akademicke-psani"}],"about":[{"href":"https:\/\/langdpt.cas.cz\/en\/wp-json\/wp\/v2\/types\/akademicke-psani"}],"wp:attachment":[{"href":"https:\/\/langdpt.cas.cz\/en\/wp-json\/wp\/v2\/media?parent=2872"}],"curies":[{"name":"wp","href":"https:\/\/api.w.org\/{rel}","templated":true}]}}